{"id":172,"date":"2016-08-25T10:34:08","date_gmt":"2016-08-25T08:34:08","guid":{"rendered":"http:\/\/themes.muffingroup.com\/be\/hifi\/?page_id=2"},"modified":"2026-05-01T23:12:23","modified_gmt":"2026-05-01T21:12:23","slug":"planear-tu-jubilacion","status":"publish","type":"page","link":"https:\/\/www.marketingdigitalenred.com\/planearjubilacion\/","title":{"rendered":"Planear tu jubilaci\u00f3n"},"content":{"rendered":"<h3>Planear Tu Jubilaci\u00f3n<\/h3>\n<p><strong>Planear tu jubilaci\u00f3n<\/strong> es necesario hoy en d\u00eda.<\/p>\n<p>Por lo que va a pasar en el futuro con las pensiones de los cotizantes actuales.\u00a0Y especialmente al llegar a la jubilaci\u00f3n los nacidos durante el \u00abbaby-boom\u00bb espa\u00f1ol, entre 1958 y 1978.<\/p>\n<p>Tu pensi\u00f3n podr\u00e1 ser bastante inferior a tu \u00faltimo sueldo. Pero, siguiendo una serie de pasos, puedes caminar hacia tu libertad financiera.<\/p>\n<p>Los <a href=\"https:\/\/okdiario.com\/economia\/2016\/09\/30\/planes-individuales-ahorro-sistematico-alternativa-preparar-jubilacion-418494\" target=\"_blank\" rel=\"noopener noreferrer\"><u>PIAS<\/u><\/a> son un producto para el ahorro que tiene ventajas fiscales. Nosotros te ayudamos a identificar los m\u00e1s rentables.<\/p>\n<p>Los tradicionales Fondos y Planes de Pensiones quedaron desde 2006 sin sus ventajas fiscales en el momento del rescate. Hacienda actualmente puede quedarse con m\u00e1s de la mitad del total de su rescate, tanto de su parte de capital aportado como de su parte de beneficios.<\/p>\n<p>Ante esto, la Uni\u00f3n Europea oblig\u00f3 al Gobierno espa\u00f1ol a crear una nueva figura para el ahorro, el llamado PIAS (Plan Individual de Ahorro Sistem\u00e1tico), con el que, cumpliendo determinadas condiciones, puede efectuarse el rescate libre de impuestos, tanto de su parte de capital aportado como de su parte de beneficios.<\/p>\n<p>Esta figura est\u00e1 disponible desde 2007 y ya existen m\u00e1s de 1 mill\u00f3n de PIAS constituidos en Espa\u00f1a.<\/p>\n<p>De esto y de muchas cosas m\u00e1s podr\u00e1s enterarte con detalle en nuestros talleres gratuitos. Ap\u00fantate con los datos que te damos en la imagen de abajo, no hay ning\u00fan compromiso.<\/p>\n<p>Sigue nuestra p\u00e1gina: <a href=\"https:\/\/www.planearjubilacion.com\/\" target=\"_blank\" rel=\"noopener noreferrer\"><u>www.PlanearJubilacion.com<\/u><\/a>\u00a0para estar al d\u00eda con las \u00faltimas novedades y fechas de los pr\u00f3ximos talleres gratuitos de Educaci\u00f3n Financiera.<\/p>\n<figure id=\"attachment_721\" aria-describedby=\"caption-attachment-721\" style=\"width: 1024px\" class=\"wp-caption aligncenter\"><a href=\"https:\/\/www.marketingdigitalenred.com\/planearjubilacion\/wp-content\/uploads\/planear-jubilacion-talleres-gratuitos-de-educacion-financiera-abril-mayo-y-junio-de-2026-1024-1024.png\"><img loading=\"lazy\" decoding=\"async\" class=\"size-large wp-image-721\" src=\"https:\/\/www.marketingdigitalenred.com\/planearjubilacion\/wp-content\/uploads\/planear-jubilacion-talleres-gratuitos-de-educacion-financiera-abril-mayo-y-junio-de-2026-1024-1024.png\" style=\"border:2px solid black\" alt=\"Planear Jubilaci\u00f3n \u2013 Talleres Gratuitos de Educaci\u00f3n Financiera \u2013 Abril, Mayo y Junio de 2026\" width=\"1024\" height=\"1024\" \/><\/a><figcaption id=\"caption-attachment-721\" class=\"wp-caption-text\">Planear Jubilaci\u00f3n \u2013 Talleres Gratuitos de Educaci\u00f3n Financiera \u2013 Abril, Mayo y Junio de 2026<\/figcaption><\/figure>\n<hr style=\"text-align:center;margin:0px 0px 0px 0px;border:0px 0px 0px 0px;padding:0px 0px 0px 0px;\" \/>\n<p><!--\n<script>\n\/\/ lepopup_add_event(\"onload\", {\n\/\/     item:        \"feliz-navidad--2023-11-28-13-03-34\",\n\/\/     item_mobile: \"feliz-navidad--2023-11-28-13-03-34\",\n\/\/     mode:        \"every-time\",\n\/\/     period:      2,\n\/\/     delay:       0,\n\/\/     close_delay: 5\n\/\/ });\n<\/script>\n--><\/p>\n","protected":false},"excerpt":{"rendered":"<p>Planear Tu Jubilaci\u00f3n Planear tu jubilaci\u00f3n es necesario hoy en d\u00eda. Por lo que va a pasar en el futuro con las pensiones de los cotizantes actuales.\u00a0Y especialmente al llegar a la jubilaci\u00f3n los nacidos durante el \u00abbaby-boom\u00bb espa\u00f1ol, entre 1958 y 1978. Tu pensi\u00f3n podr\u00e1 ser bastante inferior a tu \u00faltimo sueldo. Pero, siguiendo [&hellip;]<\/p>\n","protected":false},"author":1,"featured_media":0,"parent":0,"menu_order":0,"comment_status":"closed","ping_status":"closed","template":"","meta":{"ocean_post_layout":"","ocean_both_sidebars_style":"","ocean_both_sidebars_content_width":0,"ocean_both_sidebars_sidebars_width":0,"ocean_sidebar":"0","ocean_second_sidebar":"0","ocean_disable_margins":"enable","ocean_add_body_class":"","ocean_shortcode_before_top_bar":"","ocean_shortcode_after_top_bar":"","ocean_shortcode_before_header":"","ocean_shortcode_after_header":"","ocean_has_shortcode":"","ocean_shortcode_after_title":"","ocean_shortcode_before_footer_widgets":"","ocean_shortcode_after_footer_widgets":"","ocean_shortcode_before_footer_bottom":"","ocean_shortcode_after_footer_bottom":"","ocean_display_top_bar":"default","ocean_display_header":"default","ocean_header_style":"","ocean_center_header_left_menu":"0","ocean_custom_header_template":"0","ocean_custom_logo":0,"ocean_custom_retina_logo":0,"ocean_custom_logo_max_width":0,"ocean_custom_logo_tablet_max_width":0,"ocean_custom_logo_mobile_max_width":0,"ocean_custom_logo_max_height":0,"ocean_custom_logo_tablet_max_height":0,"ocean_custom_logo_mobile_max_height":0,"ocean_header_custom_menu":"0","ocean_menu_typo_font_family":"0","ocean_menu_typo_font_subset":"","ocean_menu_typo_font_size":0,"ocean_menu_typo_font_size_tablet":0,"ocean_menu_typo_font_size_mobile":0,"ocean_menu_typo_font_size_unit":"px","ocean_menu_typo_font_weight":"","ocean_menu_typo_font_weight_tablet":"","ocean_menu_typo_font_weight_mobile":"","ocean_menu_typo_transform":"","ocean_menu_typo_transform_tablet":"","ocean_menu_typo_transform_mobile":"","ocean_menu_typo_line_height":0,"ocean_menu_typo_line_height_tablet":0,"ocean_menu_typo_line_height_mobile":0,"ocean_menu_typo_line_height_unit":"","ocean_menu_typo_spacing":0,"ocean_menu_typo_spacing_tablet":0,"ocean_menu_typo_spacing_mobile":0,"ocean_menu_typo_spacing_unit":"","ocean_menu_link_color":"","ocean_menu_link_color_hover":"","ocean_menu_link_color_active":"","ocean_menu_link_background":"","ocean_menu_link_hover_background":"","ocean_menu_link_active_background":"","ocean_menu_social_links_bg":"","ocean_menu_social_hover_links_bg":"","ocean_menu_social_links_color":"","ocean_menu_social_hover_links_color":"","ocean_disable_title":"default","ocean_disable_heading":"default","ocean_post_title":"","ocean_post_subheading":"","ocean_post_title_style":"","ocean_post_title_background_color":"","ocean_post_title_background":0,"ocean_post_title_bg_image_position":"","ocean_post_title_bg_image_attachment":"","ocean_post_title_bg_image_repeat":"","ocean_post_title_bg_image_size":"","ocean_post_title_height":0,"ocean_post_title_bg_overlay":0.5,"ocean_post_title_bg_overlay_color":"","ocean_disable_breadcrumbs":"default","ocean_breadcrumbs_color":"","ocean_breadcrumbs_separator_color":"","ocean_breadcrumbs_links_color":"","ocean_breadcrumbs_links_hover_color":"","ocean_display_footer_widgets":"default","ocean_display_footer_bottom":"default","ocean_custom_footer_template":"0","footnotes":""},"class_list":["post-172","page","type-page","status-publish","hentry","entry"],"yoast_head":"<!-- This site is optimized with the Yoast SEO plugin v27.5 - https:\/\/yoast.com\/product\/yoast-seo-wordpress\/ -->\n<title>Planear tu jubilaci\u00f3n - PlanearJubilacion.com<\/title>\n<meta name=\"robots\" content=\"index, follow, max-snippet:-1, max-image-preview:large, max-video-preview:-1\" \/>\n<link rel=\"canonical\" href=\"https:\/\/www.marketingdigitalenred.com\/planearjubilacion\/\" \/>\n<meta property=\"og:locale\" content=\"es_ES\" \/>\n<meta property=\"og:type\" content=\"article\" \/>\n<meta property=\"og:title\" content=\"Planear tu jubilaci\u00f3n - PlanearJubilacion.com\" \/>\n<meta property=\"og:description\" content=\"Planear Tu Jubilaci\u00f3n Planear tu jubilaci\u00f3n es necesario hoy en d\u00eda. Por lo que va a pasar en el futuro con las pensiones de los cotizantes actuales.\u00a0Y especialmente al llegar a la jubilaci\u00f3n los nacidos durante el \u00abbaby-boom\u00bb espa\u00f1ol, entre 1958 y 1978. Tu pensi\u00f3n podr\u00e1 ser bastante inferior a tu \u00faltimo sueldo. Pero, siguiendo [&hellip;]\" \/>\n<meta property=\"og:url\" content=\"https:\/\/www.marketingdigitalenred.com\/planearjubilacion\/\" \/>\n<meta property=\"og:site_name\" content=\"PlanearJubilacion.com\" \/>\n<meta property=\"article:modified_time\" content=\"2026-05-01T21:12:23+00:00\" \/>\n<meta name=\"twitter:card\" content=\"summary_large_image\" \/>\n<meta name=\"twitter:label1\" content=\"Tiempo de lectura\" \/>\n\t<meta name=\"twitter:data1\" content=\"2 minutos\" \/>\n<script type=\"application\/ld+json\" class=\"yoast-schema-graph\">{\"@context\":\"https:\\\/\\\/schema.org\",\"@graph\":[{\"@type\":\"WebPage\",\"@id\":\"https:\\\/\\\/www.marketingdigitalenred.com\\\/planearjubilacion\\\/\",\"url\":\"https:\\\/\\\/www.marketingdigitalenred.com\\\/planearjubilacion\\\/\",\"name\":\"Planear tu jubilaci\u00f3n - PlanearJubilacion.com\",\"isPartOf\":{\"@id\":\"https:\\\/\\\/www.marketingdigitalenred.com\\\/planearjubilacion\\\/#website\"},\"primaryImageOfPage\":{\"@id\":\"https:\\\/\\\/www.marketingdigitalenred.com\\\/planearjubilacion\\\/#primaryimage\"},\"image\":{\"@id\":\"https:\\\/\\\/www.marketingdigitalenred.com\\\/planearjubilacion\\\/#primaryimage\"},\"thumbnailUrl\":\"https:\\\/\\\/www.marketingdigitalenred.com\\\/planearjubilacion\\\/wp-content\\\/uploads\\\/planear-jubilacion-talleres-gratuitos-de-educacion-financiera-abril-mayo-y-junio-de-2026-1024-1024.png\",\"datePublished\":\"2016-08-25T08:34:08+00:00\",\"dateModified\":\"2026-05-01T21:12:23+00:00\",\"breadcrumb\":{\"@id\":\"https:\\\/\\\/www.marketingdigitalenred.com\\\/planearjubilacion\\\/#breadcrumb\"},\"inLanguage\":\"es\",\"potentialAction\":[{\"@type\":\"ReadAction\",\"target\":[\"https:\\\/\\\/www.marketingdigitalenred.com\\\/planearjubilacion\\\/\"]}]},{\"@type\":\"ImageObject\",\"inLanguage\":\"es\",\"@id\":\"https:\\\/\\\/www.marketingdigitalenred.com\\\/planearjubilacion\\\/#primaryimage\",\"url\":\"https:\\\/\\\/www.marketingdigitalenred.com\\\/planearjubilacion\\\/wp-content\\\/uploads\\\/planear-jubilacion-talleres-gratuitos-de-educacion-financiera-abril-mayo-y-junio-de-2026-1024-1024.png\",\"contentUrl\":\"https:\\\/\\\/www.marketingdigitalenred.com\\\/planearjubilacion\\\/wp-content\\\/uploads\\\/planear-jubilacion-talleres-gratuitos-de-educacion-financiera-abril-mayo-y-junio-de-2026-1024-1024.png\"},{\"@type\":\"BreadcrumbList\",\"@id\":\"https:\\\/\\\/www.marketingdigitalenred.com\\\/planearjubilacion\\\/#breadcrumb\",\"itemListElement\":[{\"@type\":\"ListItem\",\"position\":1,\"name\":\"Portada\",\"item\":\"https:\\\/\\\/www.marketingdigitalenred.com\\\/planearjubilacion\\\/\"},{\"@type\":\"ListItem\",\"position\":2,\"name\":\"Planear tu jubilaci\u00f3n\"}]},{\"@type\":\"WebSite\",\"@id\":\"https:\\\/\\\/www.marketingdigitalenred.com\\\/planearjubilacion\\\/#website\",\"url\":\"https:\\\/\\\/www.marketingdigitalenred.com\\\/planearjubilacion\\\/\",\"name\":\"PlanearJubilacion.com\",\"description\":\"Tu sitio ideal para conseguir tu libertad financiera\",\"publisher\":{\"@id\":\"https:\\\/\\\/www.marketingdigitalenred.com\\\/planearjubilacion\\\/#\\\/schema\\\/person\\\/506b2c7a40485ee924a8355f7f9f988a\"},\"potentialAction\":[{\"@type\":\"SearchAction\",\"target\":{\"@type\":\"EntryPoint\",\"urlTemplate\":\"https:\\\/\\\/www.marketingdigitalenred.com\\\/planearjubilacion\\\/?s={search_term_string}\"},\"query-input\":{\"@type\":\"PropertyValueSpecification\",\"valueRequired\":true,\"valueName\":\"search_term_string\"}}],\"inLanguage\":\"es\"},{\"@type\":[\"Person\",\"Organization\"],\"@id\":\"https:\\\/\\\/www.marketingdigitalenred.com\\\/planearjubilacion\\\/#\\\/schema\\\/person\\\/506b2c7a40485ee924a8355f7f9f988a\",\"name\":\"Roberto Acu\u00f1a P\u00e9rez\",\"image\":{\"@type\":\"ImageObject\",\"inLanguage\":\"es\",\"@id\":\"https:\\\/\\\/www.marketingdigitalenred.com\\\/planearjubilacion\\\/wp-content\\\/uploads\\\/Planear-Jubilacion-LogoG-1267-250.png\",\"url\":\"https:\\\/\\\/www.marketingdigitalenred.com\\\/planearjubilacion\\\/wp-content\\\/uploads\\\/Planear-Jubilacion-LogoG-1267-250.png\",\"contentUrl\":\"https:\\\/\\\/www.marketingdigitalenred.com\\\/planearjubilacion\\\/wp-content\\\/uploads\\\/Planear-Jubilacion-LogoG-1267-250.png\",\"width\":1267,\"height\":250,\"caption\":\"Roberto Acu\u00f1a P\u00e9rez\"},\"logo\":{\"@id\":\"https:\\\/\\\/www.marketingdigitalenred.com\\\/planearjubilacion\\\/wp-content\\\/uploads\\\/Planear-Jubilacion-LogoG-1267-250.png\"},\"sameAs\":[\"https:\\\/\\\/www.marketingdigitalenred.com\\\/planearjubilacion\"]}]}<\/script>\n<!-- \/ Yoast SEO plugin. -->","yoast_head_json":{"title":"Planear tu jubilaci\u00f3n - PlanearJubilacion.com","robots":{"index":"index","follow":"follow","max-snippet":"max-snippet:-1","max-image-preview":"max-image-preview:large","max-video-preview":"max-video-preview:-1"},"canonical":"https:\/\/www.marketingdigitalenred.com\/planearjubilacion\/","og_locale":"es_ES","og_type":"article","og_title":"Planear tu jubilaci\u00f3n - PlanearJubilacion.com","og_description":"Planear Tu Jubilaci\u00f3n Planear tu jubilaci\u00f3n es necesario hoy en d\u00eda. Por lo que va a pasar en el futuro con las pensiones de los cotizantes actuales.\u00a0Y especialmente al llegar a la jubilaci\u00f3n los nacidos durante el \u00abbaby-boom\u00bb espa\u00f1ol, entre 1958 y 1978. Tu pensi\u00f3n podr\u00e1 ser bastante inferior a tu \u00faltimo sueldo. Pero, siguiendo [&hellip;]","og_url":"https:\/\/www.marketingdigitalenred.com\/planearjubilacion\/","og_site_name":"PlanearJubilacion.com","article_modified_time":"2026-05-01T21:12:23+00:00","twitter_card":"summary_large_image","twitter_misc":{"Tiempo de lectura":"2 minutos"},"schema":{"@context":"https:\/\/schema.org","@graph":[{"@type":"WebPage","@id":"https:\/\/www.marketingdigitalenred.com\/planearjubilacion\/","url":"https:\/\/www.marketingdigitalenred.com\/planearjubilacion\/","name":"Planear tu jubilaci\u00f3n - PlanearJubilacion.com","isPartOf":{"@id":"https:\/\/www.marketingdigitalenred.com\/planearjubilacion\/#website"},"primaryImageOfPage":{"@id":"https:\/\/www.marketingdigitalenred.com\/planearjubilacion\/#primaryimage"},"image":{"@id":"https:\/\/www.marketingdigitalenred.com\/planearjubilacion\/#primaryimage"},"thumbnailUrl":"https:\/\/www.marketingdigitalenred.com\/planearjubilacion\/wp-content\/uploads\/planear-jubilacion-talleres-gratuitos-de-educacion-financiera-abril-mayo-y-junio-de-2026-1024-1024.png","datePublished":"2016-08-25T08:34:08+00:00","dateModified":"2026-05-01T21:12:23+00:00","breadcrumb":{"@id":"https:\/\/www.marketingdigitalenred.com\/planearjubilacion\/#breadcrumb"},"inLanguage":"es","potentialAction":[{"@type":"ReadAction","target":["https:\/\/www.marketingdigitalenred.com\/planearjubilacion\/"]}]},{"@type":"ImageObject","inLanguage":"es","@id":"https:\/\/www.marketingdigitalenred.com\/planearjubilacion\/#primaryimage","url":"https:\/\/www.marketingdigitalenred.com\/planearjubilacion\/wp-content\/uploads\/planear-jubilacion-talleres-gratuitos-de-educacion-financiera-abril-mayo-y-junio-de-2026-1024-1024.png","contentUrl":"https:\/\/www.marketingdigitalenred.com\/planearjubilacion\/wp-content\/uploads\/planear-jubilacion-talleres-gratuitos-de-educacion-financiera-abril-mayo-y-junio-de-2026-1024-1024.png"},{"@type":"BreadcrumbList","@id":"https:\/\/www.marketingdigitalenred.com\/planearjubilacion\/#breadcrumb","itemListElement":[{"@type":"ListItem","position":1,"name":"Portada","item":"https:\/\/www.marketingdigitalenred.com\/planearjubilacion\/"},{"@type":"ListItem","position":2,"name":"Planear tu jubilaci\u00f3n"}]},{"@type":"WebSite","@id":"https:\/\/www.marketingdigitalenred.com\/planearjubilacion\/#website","url":"https:\/\/www.marketingdigitalenred.com\/planearjubilacion\/","name":"PlanearJubilacion.com","description":"Tu sitio ideal para conseguir tu libertad financiera","publisher":{"@id":"https:\/\/www.marketingdigitalenred.com\/planearjubilacion\/#\/schema\/person\/506b2c7a40485ee924a8355f7f9f988a"},"potentialAction":[{"@type":"SearchAction","target":{"@type":"EntryPoint","urlTemplate":"https:\/\/www.marketingdigitalenred.com\/planearjubilacion\/?s={search_term_string}"},"query-input":{"@type":"PropertyValueSpecification","valueRequired":true,"valueName":"search_term_string"}}],"inLanguage":"es"},{"@type":["Person","Organization"],"@id":"https:\/\/www.marketingdigitalenred.com\/planearjubilacion\/#\/schema\/person\/506b2c7a40485ee924a8355f7f9f988a","name":"Roberto Acu\u00f1a P\u00e9rez","image":{"@type":"ImageObject","inLanguage":"es","@id":"https:\/\/www.marketingdigitalenred.com\/planearjubilacion\/wp-content\/uploads\/Planear-Jubilacion-LogoG-1267-250.png","url":"https:\/\/www.marketingdigitalenred.com\/planearjubilacion\/wp-content\/uploads\/Planear-Jubilacion-LogoG-1267-250.png","contentUrl":"https:\/\/www.marketingdigitalenred.com\/planearjubilacion\/wp-content\/uploads\/Planear-Jubilacion-LogoG-1267-250.png","width":1267,"height":250,"caption":"Roberto Acu\u00f1a P\u00e9rez"},"logo":{"@id":"https:\/\/www.marketingdigitalenred.com\/planearjubilacion\/wp-content\/uploads\/Planear-Jubilacion-LogoG-1267-250.png"},"sameAs":["https:\/\/www.marketingdigitalenred.com\/planearjubilacion"]}]}},"_links":{"self":[{"href":"https:\/\/www.marketingdigitalenred.com\/planearjubilacion\/wp-json\/wp\/v2\/pages\/172","targetHints":{"allow":["GET"]}}],"collection":[{"href":"https:\/\/www.marketingdigitalenred.com\/planearjubilacion\/wp-json\/wp\/v2\/pages"}],"about":[{"href":"https:\/\/www.marketingdigitalenred.com\/planearjubilacion\/wp-json\/wp\/v2\/types\/page"}],"author":[{"embeddable":true,"href":"https:\/\/www.marketingdigitalenred.com\/planearjubilacion\/wp-json\/wp\/v2\/users\/1"}],"replies":[{"embeddable":true,"href":"https:\/\/www.marketingdigitalenred.com\/planearjubilacion\/wp-json\/wp\/v2\/comments?post=172"}],"version-history":[{"count":15,"href":"https:\/\/www.marketingdigitalenred.com\/planearjubilacion\/wp-json\/wp\/v2\/pages\/172\/revisions"}],"predecessor-version":[{"id":1253,"href":"https:\/\/www.marketingdigitalenred.com\/planearjubilacion\/wp-json\/wp\/v2\/pages\/172\/revisions\/1253"}],"wp:attachment":[{"href":"https:\/\/www.marketingdigitalenred.com\/planearjubilacion\/wp-json\/wp\/v2\/media?parent=172"}],"curies":[{"name":"wp","href":"https:\/\/api.w.org\/{rel}","templated":true}]}}