{"id":448,"date":"2018-03-29T23:53:43","date_gmt":"2018-03-29T21:53:43","guid":{"rendered":"https:\/\/www.prepararjubilacion.com\/?page_id=448"},"modified":"2023-10-25T22:06:02","modified_gmt":"2023-10-25T20:06:02","slug":"videos","status":"publish","type":"page","link":"https:\/\/www.marketingdigitalenred.com\/planearjubilacion\/videos\/","title":{"rendered":"V\u00eddeos"},"content":{"rendered":"<h3>Planear Jubilaci\u00f3n<\/h3>\n<h4><strong>V\u00eddeos<\/strong><\/h4>\n<h5 style=\"line-height: 1.8;\">\n<strong>\u00cdndice de v\u00eddeos. Puedes pulsar en un v\u00eddeo concreto para ir a verlo directamente en la p\u00e1gina:<\/strong><br \/>\n<a style=\"color: darkblue;\" href=\"#video001\">\u2796 01 : \u00bfPor qu\u00e9 es importante empezar a ahorrar? &#8211; Consejos para ahorrar para la jubilaci\u00f3n, con Miki Nadal.<\/a><br \/>\n<a style=\"color: darkblue;\" href=\"#video002\">\u2796 02 : C\u00f3mo se calcular\u00e1 tu futura pensi\u00f3n. Tres claves para que no te den el \u00abtimo de la basecita\u00bb.<\/a><br \/>\n<a style=\"color: darkblue;\" href=\"#video003\">\u2796 03 : Las verdades inc\u00f3modas sobre las pensiones de los espa\u00f1oles.<\/a><br \/>\n<a style=\"color: darkblue;\" href=\"#video004\">\u2796 04 : Tres gr\u00e1ficos muy preocupantes para el futuro de las pensiones en Espa\u00f1a.<\/a><br \/>\n<a style=\"color: darkblue;\" href=\"#video005\">\u2796 05 : Las matem\u00e1ticas de las pensiones y la incoherencia de nuestros pol\u00edticos.<\/a><br \/>\n<a style=\"color: darkblue;\" href=\"#video006\">\u2796 06 : El ahorro funciona y todos podemos ser ahorradores.<\/a><br \/>\n<a style=\"color: darkblue;\" href=\"#video007\">\u2796 07 : La peor y la mejor idea de inversi\u00f3n que podemos hacer.<\/a><br \/>\n<a style=\"color: darkblue;\" href=\"#video008\">\u2796 08 : La importancia del ahorro en el corto plazo y en el largo plazo.<\/a><br \/>\n<a style=\"color: darkblue;\" href=\"#video009\">\u2796 09 : El \u00abtimo de la basecita 2\u00bb o c\u00f3mo van a intentar colar la pr\u00f3xima reforma de las pensiones p\u00fablicas.<\/a><br \/>\n<a style=\"color: darkblue;\" href=\"#video010\">\u2796 10 : Tres trucos muy sencillos para empezar a ahorrar.<\/a><br \/>\n<a style=\"color: darkblue;\" href=\"#video011\">\u2796 11 : Tres ideas para buscar un buen rendimiento y tranquilidad a largo plazo.<\/a><br \/>\n<\/h5>\n<h5 id=\"video001\" style=\"line-height: 1.7;\">&#8211; 01 : \u00bfPor qu\u00e9 es importante empezar a ahorrar? &#8211; Consejos para ahorrar para la jubilaci\u00f3n, con Miki Nadal.<\/h5>\n<div style=\"text-align:center !important;\"><iframe loading=\"lazy\" width=\"1280\" height=\"720\" src=\"https:\/\/www.youtube.com\/embed\/IyI2v93id84?si=0Zy2MPM0FwMescxE&#038;rel=0\" title=\"YouTube video player\" frameborder=\"0\" allow=\"accelerometer; autoplay; clipboard-write; encrypted-media; gyroscope; picture-in-picture; web-share\" allowfullscreen><\/iframe><\/div>\n<p>&nbsp;<\/p>\n<h5 id=\"video002\" style=\"line-height: 1.7;\">&#8211; 02 : C\u00f3mo se calcular\u00e1 tu futura pensi\u00f3n p\u00fablica. Tres claves para que no te den el \u00abtimo de la basecita\u00bb.<\/h5>\n<div style=\"text-align:center !important;\"><iframe loading=\"lazy\" width=\"1280\" height=\"720\" src=\"https:\/\/www.youtube.com\/embed\/w_QKaDQDK68?si=U4h3IR42k6gu10KP&#038;rel=0\" title=\"YouTube video player\" frameborder=\"0\" allow=\"accelerometer; autoplay; clipboard-write; encrypted-media; gyroscope; picture-in-picture; web-share\" allowfullscreen><\/iframe><\/div>\n<p>&nbsp;<\/p>\n<h5 id=\"video003\" style=\"line-height: 1.7;\">&#8211; 03 : Las verdades inc\u00f3modas sobre las pensiones p\u00fablicas de los espa\u00f1oles.<\/h5>\n<div style=\"text-align:center !important;\"><iframe loading=\"lazy\" width=\"1280\" height=\"720\" src=\"https:\/\/www.youtube.com\/embed\/n7c8bnetemo?si=K8H_kM5CpO5-ObU-&#038;rel=0\" title=\"YouTube video player\" frameborder=\"0\" allow=\"accelerometer; autoplay; clipboard-write; encrypted-media; gyroscope; picture-in-picture; web-share\" allowfullscreen><\/iframe><\/div>\n<p>&nbsp;<\/p>\n<h5 id=\"video004\" style=\"line-height: 1.7;\">&#8211; 04 : Tres gr\u00e1ficos muy preocupantes para el futuro de las pensiones p\u00fablicas en Espa\u00f1a.<\/h5>\n<div style=\"text-align:center !important;\"><iframe loading=\"lazy\" width=\"1280\" height=\"720\" src=\"https:\/\/www.youtube.com\/embed\/eKviWJmzjvc?si=WcTuiBO3Sl7S5i8U&#038;rel=0\" title=\"YouTube video player\" frameborder=\"0\" allow=\"accelerometer; autoplay; clipboard-write; encrypted-media; gyroscope; picture-in-picture; web-share\" allowfullscreen><\/iframe><\/div>\n<p>&nbsp;<\/p>\n<h5 id=\"video005\" style=\"line-height: 1.7;\">&#8211; 05 : Las matem\u00e1ticas de las pensiones p\u00fablicas y la incoherencia de nuestros pol\u00edticos.<\/h5>\n<div style=\"text-align:center !important;\"><iframe loading=\"lazy\" width=\"1280\" height=\"720\" src=\"https:\/\/www.youtube.com\/embed\/ARGhxhTJAIA?si=bJUg61NhE9cz7Kei&#038;rel=0\" title=\"YouTube video player\" frameborder=\"0\" allow=\"accelerometer; autoplay; clipboard-write; encrypted-media; gyroscope; picture-in-picture; web-share\" allowfullscreen><\/iframe><\/div>\n<p>&nbsp;<\/p>\n<h5 id=\"video006\" style=\"line-height: 1.7;\">&#8211; 06 : El ahorro funciona y todos podemos ser ahorradores.<\/h5>\n<div style=\"text-align:center !important;\"><iframe loading=\"lazy\" width=\"1280\" height=\"720\" src=\"https:\/\/www.youtube.com\/embed\/YK3CusiLLIQ?si=-ZAdIWWJjMy8vbsb&#038;rel=0\" title=\"YouTube video player\" frameborder=\"0\" allow=\"accelerometer; autoplay; clipboard-write; encrypted-media; gyroscope; picture-in-picture; web-share\" allowfullscreen><\/iframe><\/div>\n<p>&nbsp;<\/p>\n<h5 id=\"video007\" style=\"line-height: 1.7;\">&#8211; 07 : La peor y la mejor idea de inversi\u00f3n que podemos hacer.<\/h5>\n<div style=\"text-align:center !important;\"><iframe loading=\"lazy\" width=\"1280\" height=\"720\" src=\"https:\/\/www.youtube.com\/embed\/VLTFgnuVoZg?si=a-AmRm1eV1vkl3yj&#038;rel=0\" title=\"YouTube video player\" frameborder=\"0\" allow=\"accelerometer; autoplay; clipboard-write; encrypted-media; gyroscope; picture-in-picture; web-share\" allowfullscreen><\/iframe><\/div>\n<p>&nbsp;<\/p>\n<h5 id=\"video008\" style=\"line-height: 1.7;\">&#8211; 08 : La importancia del ahorro en el corto plazo y en el largo plazo.<\/h5>\n<div style=\"text-align:center !important;\"><iframe loading=\"lazy\" width=\"1280\" height=\"720\" src=\"https:\/\/www.youtube.com\/embed\/U7xWGFar_XI?si=XUaOA8FVElzMJr4o&#038;rel=0\" title=\"YouTube video player\" frameborder=\"0\" allow=\"accelerometer; autoplay; clipboard-write; encrypted-media; gyroscope; picture-in-picture; web-share\" allowfullscreen><\/iframe><\/div>\n<p>&nbsp;<\/p>\n<h5 id=\"video009\" style=\"line-height: 1.7;\">&#8211; 09 : El \u00abtimo de la basecita 2\u00bb o c\u00f3mo van a intentar colar la pr\u00f3xima reforma de las pensiones.<\/h5>\n<div style=\"text-align:center !important;\"><iframe loading=\"lazy\" width=\"1280\" height=\"720\" src=\"https:\/\/www.youtube.com\/embed\/sGuHnAxqOik?si=aiy_rbCAzRSRkgeT&#038;rel=0\" title=\"YouTube video player\" frameborder=\"0\" allow=\"accelerometer; autoplay; clipboard-write; encrypted-media; gyroscope; picture-in-picture; web-share\" allowfullscreen><\/iframe><\/div>\n<p>&nbsp;<\/p>\n<h5 id=\"video010\" style=\"line-height: 1.7;\">&#8211; 10 : Tres trucos muy sencillos para empezar a ahorrar.<\/h5>\n<div style=\"text-align:center !important;\"><iframe loading=\"lazy\" width=\"1280\" height=\"720\" src=\"https:\/\/www.youtube.com\/embed\/1PD4_zz3ETE?si=nSWdi4ZOqTfrGbWr&#038;rel=0\" title=\"YouTube video player\" frameborder=\"0\" allow=\"accelerometer; autoplay; clipboard-write; encrypted-media; gyroscope; picture-in-picture; web-share\" allowfullscreen><\/iframe><\/div>\n<p>&nbsp;<\/p>\n<h5 id=\"video011\" style=\"line-height: 1.7;\">&#8211; 11 : Tres ideas para buscar un buen rendimiento y tranquilidad a largo plazo.<\/h5>\n<div style=\"text-align:center !important;\"><iframe loading=\"lazy\" width=\"1280\" height=\"720\" src=\"https:\/\/www.youtube.com\/embed\/4kxXUZrVOeg?si=l4aM954CjgoX1JAZ&#038;rel=0\" title=\"YouTube video player\" frameborder=\"0\" allow=\"accelerometer; autoplay; clipboard-write; encrypted-media; gyroscope; picture-in-picture; web-share\" allowfullscreen><\/iframe><\/div>\n","protected":false},"excerpt":{"rendered":"<p>Planear Jubilaci\u00f3n V\u00eddeos \u00cdndice de v\u00eddeos. Puedes pulsar en un v\u00eddeo concreto para ir a verlo directamente en la p\u00e1gina: \u2796 01 : \u00bfPor qu\u00e9 es importante empezar a ahorrar? &#8211; Consejos para ahorrar para la jubilaci\u00f3n, con Miki Nadal. \u2796 02 : C\u00f3mo se calcular\u00e1 tu futura pensi\u00f3n. Tres claves para que no te [&hellip;]<\/p>\n","protected":false},"author":1,"featured_media":0,"parent":0,"menu_order":0,"comment_status":"closed","ping_status":"closed","template":"","meta":{"ocean_post_layout":"","ocean_both_sidebars_style":"","ocean_both_sidebars_content_width":0,"ocean_both_sidebars_sidebars_width":0,"ocean_sidebar":"0","ocean_second_sidebar":"0","ocean_disable_margins":"enable","ocean_add_body_class":"","ocean_shortcode_before_top_bar":"","ocean_shortcode_after_top_bar":"","ocean_shortcode_before_header":"","ocean_shortcode_after_header":"","ocean_has_shortcode":"","ocean_shortcode_after_title":"","ocean_shortcode_before_footer_widgets":"","ocean_shortcode_after_footer_widgets":"","ocean_shortcode_before_footer_bottom":"","ocean_shortcode_after_footer_bottom":"","ocean_display_top_bar":"default","ocean_display_header":"default","ocean_header_style":"","ocean_center_header_left_menu":"0","ocean_custom_header_template":"0","ocean_custom_logo":0,"ocean_custom_retina_logo":0,"ocean_custom_logo_max_width":0,"ocean_custom_logo_tablet_max_width":0,"ocean_custom_logo_mobile_max_width":0,"ocean_custom_logo_max_height":0,"ocean_custom_logo_tablet_max_height":0,"ocean_custom_logo_mobile_max_height":0,"ocean_header_custom_menu":"0","ocean_menu_typo_font_family":"0","ocean_menu_typo_font_subset":"","ocean_menu_typo_font_size":0,"ocean_menu_typo_font_size_tablet":0,"ocean_menu_typo_font_size_mobile":0,"ocean_menu_typo_font_size_unit":"px","ocean_menu_typo_font_weight":"","ocean_menu_typo_font_weight_tablet":"","ocean_menu_typo_font_weight_mobile":"","ocean_menu_typo_transform":"","ocean_menu_typo_transform_tablet":"","ocean_menu_typo_transform_mobile":"","ocean_menu_typo_line_height":0,"ocean_menu_typo_line_height_tablet":0,"ocean_menu_typo_line_height_mobile":0,"ocean_menu_typo_line_height_unit":"","ocean_menu_typo_spacing":0,"ocean_menu_typo_spacing_tablet":0,"ocean_menu_typo_spacing_mobile":0,"ocean_menu_typo_spacing_unit":"","ocean_menu_link_color":"","ocean_menu_link_color_hover":"","ocean_menu_link_color_active":"","ocean_menu_link_background":"","ocean_menu_link_hover_background":"","ocean_menu_link_active_background":"","ocean_menu_social_links_bg":"","ocean_menu_social_hover_links_bg":"","ocean_menu_social_links_color":"","ocean_menu_social_hover_links_color":"","ocean_disable_title":"default","ocean_disable_heading":"default","ocean_post_title":"","ocean_post_subheading":"","ocean_post_title_style":"","ocean_post_title_background_color":"","ocean_post_title_background":0,"ocean_post_title_bg_image_position":"","ocean_post_title_bg_image_attachment":"","ocean_post_title_bg_image_repeat":"","ocean_post_title_bg_image_size":"","ocean_post_title_height":0,"ocean_post_title_bg_overlay":0.5,"ocean_post_title_bg_overlay_color":"","ocean_disable_breadcrumbs":"default","ocean_breadcrumbs_color":"","ocean_breadcrumbs_separator_color":"","ocean_breadcrumbs_links_color":"","ocean_breadcrumbs_links_hover_color":"","ocean_display_footer_widgets":"default","ocean_display_footer_bottom":"default","ocean_custom_footer_template":"0","footnotes":""},"class_list":["post-448","page","type-page","status-publish","hentry","entry"],"yoast_head":"<!-- This site is optimized with the Yoast SEO plugin v27.5 - https:\/\/yoast.com\/product\/yoast-seo-wordpress\/ -->\n<title>V\u00eddeos - PlanearJubilacion.com<\/title>\n<meta name=\"robots\" content=\"index, follow, max-snippet:-1, max-image-preview:large, max-video-preview:-1\" \/>\n<link rel=\"canonical\" href=\"https:\/\/www.marketingdigitalenred.com\/planearjubilacion\/videos\/\" \/>\n<meta property=\"og:locale\" content=\"es_ES\" \/>\n<meta property=\"og:type\" content=\"article\" \/>\n<meta property=\"og:title\" content=\"V\u00eddeos - PlanearJubilacion.com\" \/>\n<meta property=\"og:description\" content=\"Planear Jubilaci\u00f3n V\u00eddeos \u00cdndice de v\u00eddeos. Puedes pulsar en un v\u00eddeo concreto para ir a verlo directamente en la p\u00e1gina: \u2796 01 : \u00bfPor qu\u00e9 es importante empezar a ahorrar? &#8211; Consejos para ahorrar para la jubilaci\u00f3n, con Miki Nadal. \u2796 02 : C\u00f3mo se calcular\u00e1 tu futura pensi\u00f3n. Tres claves para que no te [&hellip;]\" \/>\n<meta property=\"og:url\" content=\"https:\/\/www.marketingdigitalenred.com\/planearjubilacion\/videos\/\" \/>\n<meta property=\"og:site_name\" content=\"PlanearJubilacion.com\" \/>\n<meta property=\"article:modified_time\" content=\"2023-10-25T20:06:02+00:00\" \/>\n<meta name=\"twitter:card\" content=\"summary_large_image\" \/>\n<meta name=\"twitter:label1\" content=\"Tiempo de lectura\" \/>\n\t<meta name=\"twitter:data1\" content=\"2 minutos\" \/>\n<script type=\"application\/ld+json\" class=\"yoast-schema-graph\">{\"@context\":\"https:\\\/\\\/schema.org\",\"@graph\":[{\"@type\":\"WebPage\",\"@id\":\"https:\\\/\\\/www.marketingdigitalenred.com\\\/planearjubilacion\\\/videos\\\/\",\"url\":\"https:\\\/\\\/www.marketingdigitalenred.com\\\/planearjubilacion\\\/videos\\\/\",\"name\":\"V\u00eddeos - PlanearJubilacion.com\",\"isPartOf\":{\"@id\":\"https:\\\/\\\/www.marketingdigitalenred.com\\\/planearjubilacion\\\/#website\"},\"datePublished\":\"2018-03-29T21:53:43+00:00\",\"dateModified\":\"2023-10-25T20:06:02+00:00\",\"breadcrumb\":{\"@id\":\"https:\\\/\\\/www.marketingdigitalenred.com\\\/planearjubilacion\\\/videos\\\/#breadcrumb\"},\"inLanguage\":\"es\",\"potentialAction\":[{\"@type\":\"ReadAction\",\"target\":[\"https:\\\/\\\/www.marketingdigitalenred.com\\\/planearjubilacion\\\/videos\\\/\"]}]},{\"@type\":\"BreadcrumbList\",\"@id\":\"https:\\\/\\\/www.marketingdigitalenred.com\\\/planearjubilacion\\\/videos\\\/#breadcrumb\",\"itemListElement\":[{\"@type\":\"ListItem\",\"position\":1,\"name\":\"Portada\",\"item\":\"https:\\\/\\\/www.marketingdigitalenred.com\\\/planearjubilacion\\\/\"},{\"@type\":\"ListItem\",\"position\":2,\"name\":\"V\u00eddeos\"}]},{\"@type\":\"WebSite\",\"@id\":\"https:\\\/\\\/www.marketingdigitalenred.com\\\/planearjubilacion\\\/#website\",\"url\":\"https:\\\/\\\/www.marketingdigitalenred.com\\\/planearjubilacion\\\/\",\"name\":\"PlanearJubilacion.com\",\"description\":\"Tu sitio ideal para conseguir tu libertad financiera\",\"publisher\":{\"@id\":\"https:\\\/\\\/www.marketingdigitalenred.com\\\/planearjubilacion\\\/#\\\/schema\\\/person\\\/506b2c7a40485ee924a8355f7f9f988a\"},\"potentialAction\":[{\"@type\":\"SearchAction\",\"target\":{\"@type\":\"EntryPoint\",\"urlTemplate\":\"https:\\\/\\\/www.marketingdigitalenred.com\\\/planearjubilacion\\\/?s={search_term_string}\"},\"query-input\":{\"@type\":\"PropertyValueSpecification\",\"valueRequired\":true,\"valueName\":\"search_term_string\"}}],\"inLanguage\":\"es\"},{\"@type\":[\"Person\",\"Organization\"],\"@id\":\"https:\\\/\\\/www.marketingdigitalenred.com\\\/planearjubilacion\\\/#\\\/schema\\\/person\\\/506b2c7a40485ee924a8355f7f9f988a\",\"name\":\"Roberto Acu\u00f1a P\u00e9rez\",\"image\":{\"@type\":\"ImageObject\",\"inLanguage\":\"es\",\"@id\":\"https:\\\/\\\/www.marketingdigitalenred.com\\\/planearjubilacion\\\/wp-content\\\/uploads\\\/Planear-Jubilacion-LogoG-1267-250.png\",\"url\":\"https:\\\/\\\/www.marketingdigitalenred.com\\\/planearjubilacion\\\/wp-content\\\/uploads\\\/Planear-Jubilacion-LogoG-1267-250.png\",\"contentUrl\":\"https:\\\/\\\/www.marketingdigitalenred.com\\\/planearjubilacion\\\/wp-content\\\/uploads\\\/Planear-Jubilacion-LogoG-1267-250.png\",\"width\":1267,\"height\":250,\"caption\":\"Roberto Acu\u00f1a P\u00e9rez\"},\"logo\":{\"@id\":\"https:\\\/\\\/www.marketingdigitalenred.com\\\/planearjubilacion\\\/wp-content\\\/uploads\\\/Planear-Jubilacion-LogoG-1267-250.png\"},\"sameAs\":[\"https:\\\/\\\/www.marketingdigitalenred.com\\\/planearjubilacion\"]}]}<\/script>\n<!-- \/ Yoast SEO plugin. -->","yoast_head_json":{"title":"V\u00eddeos - PlanearJubilacion.com","robots":{"index":"index","follow":"follow","max-snippet":"max-snippet:-1","max-image-preview":"max-image-preview:large","max-video-preview":"max-video-preview:-1"},"canonical":"https:\/\/www.marketingdigitalenred.com\/planearjubilacion\/videos\/","og_locale":"es_ES","og_type":"article","og_title":"V\u00eddeos - PlanearJubilacion.com","og_description":"Planear Jubilaci\u00f3n V\u00eddeos \u00cdndice de v\u00eddeos. Puedes pulsar en un v\u00eddeo concreto para ir a verlo directamente en la p\u00e1gina: \u2796 01 : \u00bfPor qu\u00e9 es importante empezar a ahorrar? &#8211; Consejos para ahorrar para la jubilaci\u00f3n, con Miki Nadal. \u2796 02 : C\u00f3mo se calcular\u00e1 tu futura pensi\u00f3n. Tres claves para que no te [&hellip;]","og_url":"https:\/\/www.marketingdigitalenred.com\/planearjubilacion\/videos\/","og_site_name":"PlanearJubilacion.com","article_modified_time":"2023-10-25T20:06:02+00:00","twitter_card":"summary_large_image","twitter_misc":{"Tiempo de lectura":"2 minutos"},"schema":{"@context":"https:\/\/schema.org","@graph":[{"@type":"WebPage","@id":"https:\/\/www.marketingdigitalenred.com\/planearjubilacion\/videos\/","url":"https:\/\/www.marketingdigitalenred.com\/planearjubilacion\/videos\/","name":"V\u00eddeos - PlanearJubilacion.com","isPartOf":{"@id":"https:\/\/www.marketingdigitalenred.com\/planearjubilacion\/#website"},"datePublished":"2018-03-29T21:53:43+00:00","dateModified":"2023-10-25T20:06:02+00:00","breadcrumb":{"@id":"https:\/\/www.marketingdigitalenred.com\/planearjubilacion\/videos\/#breadcrumb"},"inLanguage":"es","potentialAction":[{"@type":"ReadAction","target":["https:\/\/www.marketingdigitalenred.com\/planearjubilacion\/videos\/"]}]},{"@type":"BreadcrumbList","@id":"https:\/\/www.marketingdigitalenred.com\/planearjubilacion\/videos\/#breadcrumb","itemListElement":[{"@type":"ListItem","position":1,"name":"Portada","item":"https:\/\/www.marketingdigitalenred.com\/planearjubilacion\/"},{"@type":"ListItem","position":2,"name":"V\u00eddeos"}]},{"@type":"WebSite","@id":"https:\/\/www.marketingdigitalenred.com\/planearjubilacion\/#website","url":"https:\/\/www.marketingdigitalenred.com\/planearjubilacion\/","name":"PlanearJubilacion.com","description":"Tu sitio ideal para conseguir tu libertad financiera","publisher":{"@id":"https:\/\/www.marketingdigitalenred.com\/planearjubilacion\/#\/schema\/person\/506b2c7a40485ee924a8355f7f9f988a"},"potentialAction":[{"@type":"SearchAction","target":{"@type":"EntryPoint","urlTemplate":"https:\/\/www.marketingdigitalenred.com\/planearjubilacion\/?s={search_term_string}"},"query-input":{"@type":"PropertyValueSpecification","valueRequired":true,"valueName":"search_term_string"}}],"inLanguage":"es"},{"@type":["Person","Organization"],"@id":"https:\/\/www.marketingdigitalenred.com\/planearjubilacion\/#\/schema\/person\/506b2c7a40485ee924a8355f7f9f988a","name":"Roberto Acu\u00f1a P\u00e9rez","image":{"@type":"ImageObject","inLanguage":"es","@id":"https:\/\/www.marketingdigitalenred.com\/planearjubilacion\/wp-content\/uploads\/Planear-Jubilacion-LogoG-1267-250.png","url":"https:\/\/www.marketingdigitalenred.com\/planearjubilacion\/wp-content\/uploads\/Planear-Jubilacion-LogoG-1267-250.png","contentUrl":"https:\/\/www.marketingdigitalenred.com\/planearjubilacion\/wp-content\/uploads\/Planear-Jubilacion-LogoG-1267-250.png","width":1267,"height":250,"caption":"Roberto Acu\u00f1a P\u00e9rez"},"logo":{"@id":"https:\/\/www.marketingdigitalenred.com\/planearjubilacion\/wp-content\/uploads\/Planear-Jubilacion-LogoG-1267-250.png"},"sameAs":["https:\/\/www.marketingdigitalenred.com\/planearjubilacion"]}]}},"_links":{"self":[{"href":"https:\/\/www.marketingdigitalenred.com\/planearjubilacion\/wp-json\/wp\/v2\/pages\/448","targetHints":{"allow":["GET"]}}],"collection":[{"href":"https:\/\/www.marketingdigitalenred.com\/planearjubilacion\/wp-json\/wp\/v2\/pages"}],"about":[{"href":"https:\/\/www.marketingdigitalenred.com\/planearjubilacion\/wp-json\/wp\/v2\/types\/page"}],"author":[{"embeddable":true,"href":"https:\/\/www.marketingdigitalenred.com\/planearjubilacion\/wp-json\/wp\/v2\/users\/1"}],"replies":[{"embeddable":true,"href":"https:\/\/www.marketingdigitalenred.com\/planearjubilacion\/wp-json\/wp\/v2\/comments?post=448"}],"version-history":[{"count":27,"href":"https:\/\/www.marketingdigitalenred.com\/planearjubilacion\/wp-json\/wp\/v2\/pages\/448\/revisions"}],"predecessor-version":[{"id":851,"href":"https:\/\/www.marketingdigitalenred.com\/planearjubilacion\/wp-json\/wp\/v2\/pages\/448\/revisions\/851"}],"wp:attachment":[{"href":"https:\/\/www.marketingdigitalenred.com\/planearjubilacion\/wp-json\/wp\/v2\/media?parent=448"}],"curies":[{"name":"wp","href":"https:\/\/api.w.org\/{rel}","templated":true}]}}